{"id":5349,"date":"2023-10-18T09:37:04","date_gmt":"2023-10-18T08:37:04","guid":{"rendered":"https:\/\/radenergy.es\/?page_id=5349"},"modified":"2023-10-18T11:53:05","modified_gmt":"2023-10-18T10:53:05","slug":"blog","status":"publish","type":"page","link":"https:\/\/radenergy.es\/es\/blog\/","title":{"rendered":"Blog\u2600\ufe0f"},"content":{"rendered":"\n<div class=\"wp-block-group alignwide\"><div class=\"wp-block-group__inner-container is-layout-constrained wp-block-group-is-layout-constrained\">\n<div class=\"wp-block-stackable-posts stk-block-posts stk-block stk-0e41f60 is-style-default\" data-v=\"2\" data-block-id=\"0e41f60\"><style>.stk-0e41f60 .stk-img-wrapper{width:100% !important}<\/style><div class=\"stk-inner-blocks stk-content-align stk-0e41f60-column\"><div class=\"stk-block-posts__items\"><div class=\"stk-block-posts__item\"><div class=\"stk-container stk-0e41f60-container stk--no-background stk--no-padding\"><article><h3 class=\"stk-block-posts__title\"><a href='https:\/\/radenergy.es\/es\/la-energia-eolica-y-solar-alcanzo-un-maximo-historico-en-la-primera-mitad-de-2024\/'>LA ENERG\u00cdA E\u00d3LICA Y SOLAR ALCANZ\u00d3 UN M\u00c1XIMO HIST\u00d3RICO EN LA PRIMERA MITAD DE 2024<\/a><\/h3><a href=\"https:\/\/radenergy.es\/es\/la-energia-eolica-y-solar-alcanzo-un-maximo-historico-en-la-primera-mitad-de-2024\/\" class=\"stk-block-posts__image-link\"><figure class=\"stk-img-wrapper stk-image--shape-stretch\"><img decoding=\"async\" width=\"1280\" height=\"960\" src=\"https:\/\/radenergy.es\/wp-content\/uploads\/2024\/08\/pexels-orlando-s-197680330-13205474-1.jpg\" class=\"attachment-full size-full wp-post-image\" alt=\"\" srcset=\"https:\/\/radenergy.es\/wp-content\/uploads\/2024\/08\/pexels-orlando-s-197680330-13205474-1.jpg 1280w, https:\/\/radenergy.es\/wp-content\/uploads\/2024\/08\/pexels-orlando-s-197680330-13205474-1-300x225.jpg 300w, https:\/\/radenergy.es\/wp-content\/uploads\/2024\/08\/pexels-orlando-s-197680330-13205474-1-768x576.jpg 768w\" sizes=\"(max-width: 1280px) 100vw, 1280px\" \/><\/figure><\/a><aside class=\"stk-block-posts__meta stk-subtitle\"><span>Maria Rosario<\/span><span class=\"stk-block-posts__meta-sep\">\u00b7<\/span><time datetime=\"2024-08-06T11:31:15+01:00\">agosto 6, 2024<\/time><span class=\"stk-block-posts__meta-sep\">\u00b7<\/span><span>0 comentarios<\/span><\/aside><div class=\"stk-block-posts__category stk-subtitle\"><a href=\"https:\/\/radenergy.es\/es\/category\/renovables\/\" rel=\"category tag\">Renovables<\/a><\/div><div class=\"stk-block-posts__excerpt\"><p>Durante los primeros seis meses de 2024, 13 pa\u00edses miembros de la Uni\u00f3n Europea produjeron m\u00e1s energ\u00eda e\u00f3lica y SOLAR que de combustibles f\u00f3siles Por primera vez, el viento y la energ\u00eda solar generaron m\u00e1s electricidad en la UE que los combustibles f\u00f3siles en la primera mitad de este a\u00f1o. Un nuevo an\u00e1lisis del centro&hellip;<\/p>\n<\/div><a class=\"stk-block-posts__readmore\" href=\"https:\/\/radenergy.es\/es\/la-energia-eolica-y-solar-alcanzo-un-maximo-historico-en-la-primera-mitad-de-2024\/\">Seguir leyendo<\/a><\/article><\/div><\/div><div class=\"stk-block-posts__item\"><div class=\"stk-container stk-0e41f60-container stk--no-background stk--no-padding\"><article><h3 class=\"stk-block-posts__title\"><a href='https:\/\/radenergy.es\/es\/plan-ecovivienda-todo-lo-que-necesitas-saber\/'>PLAN ECOVIVIENDA: TODO LO QUE NECESITAS SABER<\/a><\/h3><a href=\"https:\/\/radenergy.es\/es\/plan-ecovivienda-todo-lo-que-necesitas-saber\/\" class=\"stk-block-posts__image-link\"><figure class=\"stk-img-wrapper stk-image--shape-stretch\"><img decoding=\"async\" width=\"1080\" height=\"1080\" src=\"https:\/\/radenergy.es\/wp-content\/uploads\/2024\/04\/1.jpg\" class=\"attachment-full size-full wp-post-image\" alt=\"Plan Ecovivienda logo\" srcset=\"https:\/\/radenergy.es\/wp-content\/uploads\/2024\/04\/1.jpg 1080w, https:\/\/radenergy.es\/wp-content\/uploads\/2024\/04\/1-300x300.jpg 300w, https:\/\/radenergy.es\/wp-content\/uploads\/2024\/04\/1-150x150.jpg 150w, https:\/\/radenergy.es\/wp-content\/uploads\/2024\/04\/1-768x768.jpg 768w\" sizes=\"(max-width: 1080px) 100vw, 1080px\" \/><\/figure><\/a><aside class=\"stk-block-posts__meta stk-subtitle\"><span>Maria Rosario<\/span><span class=\"stk-block-posts__meta-sep\">\u00b7<\/span><time datetime=\"2024-08-02T09:27:08+01:00\">agosto 2, 2024<\/time><span class=\"stk-block-posts__meta-sep\">\u00b7<\/span><span>0 comentarios<\/span><\/aside><div class=\"stk-block-posts__category stk-subtitle\"><a href=\"https:\/\/radenergy.es\/es\/category\/sin-categorizar\/\" rel=\"category tag\">Sin categorizar<\/a><\/div><div class=\"stk-block-posts__excerpt\"><p>El&nbsp;Plan Eco Vivienda&nbsp;es un programa de subvenciones impulsado por la Junta de Andaluc\u00eda dotado con&nbsp;614 millones de euros&nbsp;y destinado a la rehabilitaci\u00f3n de edificios principalmente de uso residencial&nbsp;para una mejora de la eficiencia energ\u00e9tica de las viviendas y que cubre hasta el 40 % del importe de la instalaci\u00f3n hasta 3000 \u20ac. Las instalaciones fotovoltaicas&hellip;<\/p>\n<\/div><a class=\"stk-block-posts__readmore\" href=\"https:\/\/radenergy.es\/es\/plan-ecovivienda-todo-lo-que-necesitas-saber\/\">Seguir leyendo<\/a><\/article><\/div><\/div><div class=\"stk-block-posts__item\"><div class=\"stk-container stk-0e41f60-container stk--no-background stk--no-padding\"><article><h3 class=\"stk-block-posts__title\"><a href='https:\/\/radenergy.es\/es\/los-distintos-tipos-de-impuestos-en-la-luz-enfoque-en-el-iva-y-sus-variaciones\/'>Los Distintos Tipos de Impuestos en la Luz: Enfoque en el IVA y sus Variaciones<\/a><\/h3><a href=\"https:\/\/radenergy.es\/es\/los-distintos-tipos-de-impuestos-en-la-luz-enfoque-en-el-iva-y-sus-variaciones\/\" class=\"stk-block-posts__image-link\"><figure class=\"stk-img-wrapper stk-image--shape-stretch\"><img decoding=\"async\" width=\"1024\" height=\"455\" src=\"https:\/\/radenergy.es\/wp-content\/uploads\/2024\/07\/istockphoto-1249408934-1024x1024-1.jpg\" class=\"attachment-full size-full wp-post-image\" alt=\"\" srcset=\"https:\/\/radenergy.es\/wp-content\/uploads\/2024\/07\/istockphoto-1249408934-1024x1024-1.jpg 1024w, https:\/\/radenergy.es\/wp-content\/uploads\/2024\/07\/istockphoto-1249408934-1024x1024-1-300x133.jpg 300w, https:\/\/radenergy.es\/wp-content\/uploads\/2024\/07\/istockphoto-1249408934-1024x1024-1-768x341.jpg 768w\" sizes=\"(max-width: 1024px) 100vw, 1024px\" \/><\/figure><\/a><aside class=\"stk-block-posts__meta stk-subtitle\"><span>Maria Rosario<\/span><span class=\"stk-block-posts__meta-sep\">\u00b7<\/span><time datetime=\"2024-07-24T11:17:51+01:00\">julio 24, 2024<\/time><span class=\"stk-block-posts__meta-sep\">\u00b7<\/span><span>0 comentarios<\/span><\/aside><div class=\"stk-block-posts__category stk-subtitle\"><a href=\"https:\/\/radenergy.es\/es\/category\/sin-categorizar\/\" rel=\"category tag\">Sin categorizar<\/a>, <a href=\"https:\/\/radenergy.es\/es\/category\/sin-categorizar\/\" rel=\"category tag\">Sin categorizar<\/a>, <a href=\"https:\/\/radenergy.es\/es\/category\/sin-categorizar\/\" rel=\"category tag\">Sin categorizar<\/a>, <a href=\"https:\/\/radenergy.es\/es\/category\/sin-categorizar\/\" rel=\"category tag\">Sin categorizar<\/a><\/div><div class=\"stk-block-posts__excerpt\"><p>Una buena parte de lo que pagas en tu factura de la luz son impuestos. En Espa\u00f1a, los principales son el IVA y el impuesto especial sobre la electricidad. Adem\u00e1s, existe un tercer impuesto que grava la producci\u00f3n el\u00e9ctrica y, aunque no aparece directamente en tu factura, influye en el coste de la luz. Vamos&hellip;<\/p>\n<\/div><a class=\"stk-block-posts__readmore\" href=\"https:\/\/radenergy.es\/es\/los-distintos-tipos-de-impuestos-en-la-luz-enfoque-en-el-iva-y-sus-variaciones\/\">Seguir leyendo<\/a><\/article><\/div><\/div><div class=\"stk-block-posts__item\"><div class=\"stk-container stk-0e41f60-container stk--no-background stk--no-padding\"><article><h3 class=\"stk-block-posts__title\"><a href='https:\/\/radenergy.es\/es\/la-junta-instalara-placas-solares-en-133-equipamientos-publicos-y-de-conservacion-ambiental\/'>La Junta instalar\u00e1 placas solares en 133 equipamientos p\u00fablicos y de conservaci\u00f3n ambiental<\/a><\/h3><a href=\"https:\/\/radenergy.es\/es\/la-junta-instalara-placas-solares-en-133-equipamientos-publicos-y-de-conservacion-ambiental\/\" class=\"stk-block-posts__image-link\"><figure class=\"stk-img-wrapper stk-image--shape-stretch\"><img decoding=\"async\" width=\"1280\" height=\"842\" src=\"https:\/\/radenergy.es\/wp-content\/uploads\/2023\/10\/placa-solar4.jpg\" class=\"attachment-full size-full wp-post-image\" alt=\"placas solares\" srcset=\"https:\/\/radenergy.es\/wp-content\/uploads\/2023\/10\/placa-solar4.jpg 1280w, https:\/\/radenergy.es\/wp-content\/uploads\/2023\/10\/placa-solar4-300x197.jpg 300w, https:\/\/radenergy.es\/wp-content\/uploads\/2023\/10\/placa-solar4-768x505.jpg 768w\" sizes=\"(max-width: 1280px) 100vw, 1280px\" \/><\/figure><\/a><aside class=\"stk-block-posts__meta stk-subtitle\"><span>Maria Rosario<\/span><span class=\"stk-block-posts__meta-sep\">\u00b7<\/span><time datetime=\"2024-07-04T11:26:35+01:00\">julio 4, 2024<\/time><span class=\"stk-block-posts__meta-sep\">\u00b7<\/span><span>0 comentarios<\/span><\/aside><div class=\"stk-block-posts__category stk-subtitle\">Sin categor\u00eda<\/div><div class=\"stk-block-posts__excerpt\"><p>El Consejo Rector de la Agencia ha autorizado el lanzamiento de la licitaci\u00f3n destinada a la instalaci\u00f3n de placas fotovoltaicas y puntos de recarga para veh\u00edculos en 133 equipamientos. En concreto, se trata de 93 instalaciones de uso p\u00fablico (como centros de visitantes, puntos de informaci\u00f3n, zonas de acampada, etc.); 24 infraestructuras para la conservaci\u00f3n&hellip;<\/p>\n<\/div><a class=\"stk-block-posts__readmore\" href=\"https:\/\/radenergy.es\/es\/la-junta-instalara-placas-solares-en-133-equipamientos-publicos-y-de-conservacion-ambiental\/\">Seguir leyendo<\/a><\/article><\/div><\/div><div class=\"stk-block-posts__item\"><div class=\"stk-container stk-0e41f60-container stk--no-background stk--no-padding\"><article><h3 class=\"stk-block-posts__title\"><a href='https:\/\/radenergy.es\/es\/incremento-historico-del-autoconsumo-en-andalucia-un-paso-adelante-en-la-transicion-energetica\/'>Incremento Hist\u00f3rico del Autoconsumo en Andaluc\u00eda: Un Paso Adelante en la Transici\u00f3n Energ\u00e9tica<\/a><\/h3><a href=\"https:\/\/radenergy.es\/es\/incremento-historico-del-autoconsumo-en-andalucia-un-paso-adelante-en-la-transicion-energetica\/\" class=\"stk-block-posts__image-link\"><figure class=\"stk-img-wrapper stk-image--shape-stretch\"><img decoding=\"async\" width=\"1366\" height=\"768\" src=\"https:\/\/radenergy.es\/wp-content\/uploads\/2024\/01\/Diseno-sin-titulo-39.png\" class=\"attachment-full size-full wp-post-image\" alt=\"placas solares\" srcset=\"https:\/\/radenergy.es\/wp-content\/uploads\/2024\/01\/Diseno-sin-titulo-39.png 1366w, https:\/\/radenergy.es\/wp-content\/uploads\/2024\/01\/Diseno-sin-titulo-39-300x169.png 300w, https:\/\/radenergy.es\/wp-content\/uploads\/2024\/01\/Diseno-sin-titulo-39-768x432.png 768w\" sizes=\"(max-width: 1366px) 100vw, 1366px\" \/><\/figure><\/a><aside class=\"stk-block-posts__meta stk-subtitle\"><span>Maria Rosario<\/span><span class=\"stk-block-posts__meta-sep\">\u00b7<\/span><time datetime=\"2024-07-02T11:01:04+01:00\">julio 2, 2024<\/time><span class=\"stk-block-posts__meta-sep\">\u00b7<\/span><span>0 comentarios<\/span><\/aside><div class=\"stk-block-posts__category stk-subtitle\">Sin categor\u00eda<\/div><div class=\"stk-block-posts__excerpt\"><p>Andaluc\u00eda ha cerrado 2023 con un notable incremento del 52% en la potencia instalada de autoconsumo, alcanzando casi 1.000 megavatios (MW). Este avance representa el 15% de la capacidad fotovoltaica total en la regi\u00f3n, que se sit\u00faa en 6.207 MW seg\u00fan datos de la Agencia Andaluza de la Energ\u00eda. En toda Andaluc\u00eda hay m\u00e1s de&hellip;<\/p>\n<\/div><a class=\"stk-block-posts__readmore\" href=\"https:\/\/radenergy.es\/es\/incremento-historico-del-autoconsumo-en-andalucia-un-paso-adelante-en-la-transicion-energetica\/\">Seguir leyendo<\/a><\/article><\/div><\/div><div class=\"stk-block-posts__item\"><div class=\"stk-container stk-0e41f60-container stk--no-background stk--no-padding\"><article><h3 class=\"stk-block-posts__title\"><a href='https:\/\/radenergy.es\/es\/como-reducir-tu-huella-de-carbono\/'>C\u00d3MO REDUCIR TU HUELLA DE CARBONO<\/a><\/h3><a href=\"https:\/\/radenergy.es\/es\/como-reducir-tu-huella-de-carbono\/\" class=\"stk-block-posts__image-link\"><figure class=\"stk-img-wrapper stk-image--shape-stretch\"><img decoding=\"async\" width=\"2560\" height=\"1709\" src=\"https:\/\/radenergy.es\/wp-content\/uploads\/2024\/06\/pexels-singkham-178541-1108572-scaled.jpg\" class=\"attachment-full size-full wp-post-image\" alt=\"\" srcset=\"https:\/\/radenergy.es\/wp-content\/uploads\/2024\/06\/pexels-singkham-178541-1108572-scaled.jpg 2560w, https:\/\/radenergy.es\/wp-content\/uploads\/2024\/06\/pexels-singkham-178541-1108572-300x200.jpg 300w, https:\/\/radenergy.es\/wp-content\/uploads\/2024\/06\/pexels-singkham-178541-1108572-768x513.jpg 768w, https:\/\/radenergy.es\/wp-content\/uploads\/2024\/06\/pexels-singkham-178541-1108572-1536x1025.jpg 1536w, https:\/\/radenergy.es\/wp-content\/uploads\/2024\/06\/pexels-singkham-178541-1108572-2048x1367.jpg 2048w, https:\/\/radenergy.es\/wp-content\/uploads\/2024\/06\/pexels-singkham-178541-1108572-930x620.jpg 930w\" sizes=\"(max-width: 2560px) 100vw, 2560px\" \/><\/figure><\/a><aside class=\"stk-block-posts__meta stk-subtitle\"><span>Maria Rosario<\/span><span class=\"stk-block-posts__meta-sep\">\u00b7<\/span><time datetime=\"2024-06-24T10:52:09+01:00\">junio 24, 2024<\/time><span class=\"stk-block-posts__meta-sep\">\u00b7<\/span><span>0 comentarios<\/span><\/aside><div class=\"stk-block-posts__category stk-subtitle\">Sin categor\u00eda<\/div><div class=\"stk-block-posts__excerpt\"><p>Estamos en un momento vital, casi urgente, para poder cambiar la forma en la que estamos haciendo las cosas para con nuestro planeta.&nbsp; C\u00f3mo reducir nuestra huella de carbono es un paso fundamental para poder fomentar el cambio energ\u00e9tico y dirigir nuestros consumos y h\u00e1bitos hacia la sostenibilidad.&nbsp; Esta es una necesidad que no solo&hellip;<\/p>\n<\/div><a class=\"stk-block-posts__readmore\" href=\"https:\/\/radenergy.es\/es\/como-reducir-tu-huella-de-carbono\/\">Seguir leyendo<\/a><\/article><\/div><\/div><\/div><div class=\"stk-inner-blocks\"><\/div><\/div><\/div>\n<\/div><\/div>\n","protected":false},"excerpt":{"rendered":"<p>LA ENERG\u00cdA E\u00d3LICA Y SOLAR ALCANZ\u00d3 UN M\u00c1XIMO HIST\u00d3RICO EN LA PRIMERA MITAD DE 2024 Maria Rosario\u00b7agosto 6, 2024\u00b70 comentarios Renovables Durante los primeros seis meses de 2024, 13 pa\u00edses miembros de la Uni\u00f3n Europea produjeron m\u00e1s energ\u00eda e\u00f3lica y SOLAR que de combustibles f\u00f3siles Por primera vez, el viento y la energ\u00eda solar generaron&hellip;&nbsp;<a href=\"https:\/\/radenergy.es\/es\/blog\/\" class=\"\" rel=\"bookmark\">Leer m\u00e1s &raquo;<span class=\"screen-reader-text\">Blog\u2600\ufe0f<\/span><\/a><\/p>\n","protected":false},"author":7,"featured_media":0,"parent":0,"menu_order":0,"comment_status":"closed","ping_status":"closed","template":"","meta":{"_monsterinsights_skip_tracking":false,"_monsterinsights_sitenote_active":false,"_monsterinsights_sitenote_note":"","_monsterinsights_sitenote_category":0,"_uf_show_specific_survey":0,"_uf_disable_surveys":false,"neve_meta_sidebar":"","neve_meta_container":"","neve_meta_enable_content_width":"","neve_meta_content_width":0,"neve_meta_title_alignment":"","neve_meta_author_avatar":"","neve_post_elements_order":"","neve_meta_disable_header":"","neve_meta_disable_footer":"","neve_meta_disable_title":"","_themeisle_gutenberg_block_has_review":false,"footnotes":""},"class_list":["post-5349","page","type-page","status-publish","hentry"],"aioseo_notices":[],"featured_image_urls_v2":{"full":"","thumbnail":"","medium":"","medium_large":"","large":"","rpg_gallery_admin_thumb":"","rpg_gallery_thumb":"","1536x1536":"","2048x2048":"","neve-blog":""},"post_excerpt_stackable_v2":"<p>LA ENERG\u00cdA E\u00d3LICA Y SOLAR ALCANZ\u00d3 UN M\u00c1XIMO HIST\u00d3RICO EN LA PRIMERA MITAD DE 2024Maria Rosario\u00b7agosto 6, 2024\u00b70 comentariosRenovablesDurante los primeros seis meses de 2024, 13 pa\u00edses miembros de la Uni\u00f3n Europea produjeron m\u00e1s energ\u00eda e\u00f3lica y SOLAR que de combustibles f\u00f3siles Por primera vez, el viento y la energ\u00eda solar generaron m\u00e1s electricidad en la UE que los combustibles f\u00f3siles en la primera mitad de este a\u00f1o. Un nuevo an\u00e1lisis del centro&hellip; Seguir leyendoPLAN ECOVIVIENDA: TODO LO QUE NECESITAS SABERMaria Rosario\u00b7agosto 2, 2024\u00b70 comentariosSin categorizarEl&nbsp;Plan Eco Vivienda&nbsp;es un programa de subvenciones impulsado por la Junta de Andaluc\u00eda dotado con&nbsp;614&hellip;<\/p>\n","category_list_v2":"","author_info_v2":{"name":"Paco Va\u00f1o","url":"https:\/\/radenergy.es\/es\/author\/paco\/"},"comments_num_v2":"0 comentarios","_links":{"self":[{"href":"https:\/\/radenergy.es\/es\/wp-json\/wp\/v2\/pages\/5349"}],"collection":[{"href":"https:\/\/radenergy.es\/es\/wp-json\/wp\/v2\/pages"}],"about":[{"href":"https:\/\/radenergy.es\/es\/wp-json\/wp\/v2\/types\/page"}],"author":[{"embeddable":true,"href":"https:\/\/radenergy.es\/es\/wp-json\/wp\/v2\/users\/7"}],"replies":[{"embeddable":true,"href":"https:\/\/radenergy.es\/es\/wp-json\/wp\/v2\/comments?post=5349"}],"version-history":[{"count":8,"href":"https:\/\/radenergy.es\/es\/wp-json\/wp\/v2\/pages\/5349\/revisions"}],"predecessor-version":[{"id":6148,"href":"https:\/\/radenergy.es\/es\/wp-json\/wp\/v2\/pages\/5349\/revisions\/6148"}],"wp:attachment":[{"href":"https:\/\/radenergy.es\/es\/wp-json\/wp\/v2\/media?parent=5349"}],"curies":[{"name":"wp","href":"https:\/\/api.w.org\/{rel}","templated":true}]}}